{"id":86,"date":"2019-03-06T16:50:26","date_gmt":"2019-03-06T16:50:26","guid":{"rendered":"http:\/\/wp.gottfried-kirch-edition.de\/?page_id=86"},"modified":"2026-01-06T08:42:23","modified_gmt":"2026-01-06T08:42:23","slug":"kalenderreihen","status":"publish","type":"page","link":"https:\/\/gottfried-kirch-edition.de\/?page_id=86","title":{"rendered":"Kalenderreihen"},"content":{"rendered":"\n<p>Inhaltlich wertvolle \nKalenderreihen des 17. Jahrhunderts werden jahrgangsweise im \nFaksimiledruck als Quellenedition der historischen Forschung zug\u00e4nglich \ngemacht. Dabei steht ein gez\u00e4hlter Band f\u00fcr eine Reihe mit \nentsprechenden Heften (Bd. 1) oder f\u00fcr einen Kalenderautor mit \nverschiedenen Reihen (Bd. 2) oder f\u00fcr Einzelst\u00fccke aus verschiedenen \nReihen unterschiedlicher Kalenderautoren (Bd. 3), in denen in der Regel \npro Heft ein einzelner Jahrgang ver\u00f6ffentlicht wird.<\/p>\n\n\n\n<p><em>Zuletzt ge\u00e4ndert am 21.4.2023<\/em><\/p>\n\n\n\n<p>In der Schriftenreihe \u201cActa Calendariographica \u2013 Kalenderreihen\u201d sind bisher erschienen:<\/p>\n\n\n\n<p><strong>Band 1<\/strong><br>\n<strong> Gottfried Kirch: Christen-, Juden- und T\u00fcrken-Kalender<\/strong><\/p>\n\n\n\n<p>Band&nbsp;1.1 <em><strong>(vergriffen)<\/strong><\/em><br> f\u00fcr das Jahr 1667<br> Preis 24,00 EUR<br> ohne ISBN<\/p>\n\n\n\n<p>Band&nbsp;1.2 <em><strong>(vergriffen)<\/strong><\/em><br> f\u00fcr das Jahr&nbsp;1668<br> Preis 24,00 EUR<br> ohne ISBN<\/p>\n\n\n\n<p>Band 1.3<br>\nf\u00fcr das Jahr 1669<br>\n(erscheint nach Auffinden eines Exemplars)<\/p>\n\n\n\n<p>Band 1.4<br>\nf\u00fcr das Jahr 1670<br>\nmit einem Beitrag zur Biographie von Gottfried Kirch<br>\nPreis 38,00 EUR<br>\nISBN 978-3-941563-02-5<\/p>\n\n\n\n<p>Band 1.5<br>\nf\u00fcr das Jahr 1671<br>\nmit einem Beitrag zur Biographie von Gottfried Kirch<br>\nPreis 41,00 EUR<br>\nISBN 978-3-941563-05-6<\/p>\n\n\n\n<p>Band 1.6<br>f\u00fcr das Jahr 1672<br>mit einem Beitrag zur Biographie von Gottfried Kirch<br>Preis 41,00 EUR<br>ISBN 978-3-941563-08-7<\/p>\n\n\n\n<p><strong> Band 2<\/strong><br>\n<strong> Johann Christoph Sturm<\/strong><\/p>\n\n\n\n<p>Band&nbsp;2.1 <em><strong>(vergriffen)<\/strong><\/em><br> Alethophilus von Uranien [Johann Christoph Sturm]:<br> Eitelkeiten-Calender (Eitler-Werck-Calender) f\u00fcr 1669<br> Preis 38,00 EUR<br> ISBN 978-3-941563-01-8<br> <a rel=\"noreferrer noopener\" aria-label=\" (\u00f6ffnet in neuem Tab)\" href=\"https:\/\/gottfried-kirch-edition.de\/wp-content\/uploads\/2019\/03\/01-10-Band-2.1-Titelei.pdf\" target=\"_blank\">Titelei und Vorwort<\/a><\/p>\n\n\n\n<p>Band 2.2<br> Johann Christoph Sturm:<br> Finsternissen-Calender f\u00fcr 1676<br> Preis 38,00 EUR<br> ISBN 978-3-941563-03-2<br> <a href=\"https:\/\/gottfried-kirch-edition.de\/wp-content\/uploads\/2019\/03\/01-10-Band-2.2-Titelei.pdf\" target=\"_blank\" rel=\"noreferrer noopener\" aria-label=\" (\u00f6ffnet in neuem Tab)\">Titelei und Vorwort<\/a><\/p>\n\n\n\n<p><strong>Band 3<\/strong><br>\n<strong> Einzelst\u00fccke aus verschiedenen Reihen<\/strong><\/p>\n\n\n\n<p>Band 3.1<br> Johann Moritz Poltz:<br> Mecklenburgischer Schreib-Calender f\u00fcr 1685<br> Preis 38,00 EUR<br> ISBN 978-3-941563-00-1<br> <a href=\"https:\/\/gottfried-kirch-edition.de\/wp-content\/uploads\/2019\/03\/Bd.-3.1-S.-01-10-Poltz-1685-Titelei.pdf\" target=\"_blank\" rel=\"noreferrer noopener\" aria-label=\" (\u00f6ffnet in neuem Tab)\">Titelei und Vorwort<\/a><\/p>\n\n\n\n<p>Band 3.2<br> Volksaufkl\u00e4rerische Reformkalender des 18. Jahrhunderts<br> Der Curieuse Bauer (1739)<br> Historisch- und Geographischer Calender (1779)<br> Des J\u00fcngern Wilhelm Denkers Haus-Calender (1792)<br> Preis 58,00 EUR<br> ISBN 978-3-941563-04-9<br> <a href=\"https:\/\/gottfried-kirch-edition.de\/wp-content\/uploads\/2019\/03\/Band-3.2-Au\u00dfen-mit-Titelei.pdf\" target=\"_blank\" rel=\"noreferrer noopener\" aria-label=\" (\u00f6ffnet in neuem Tab)\">Titelei und Vorwort<\/a><\/p>\n\n\n\n<p>Band 3.3 <em><strong>(vergriffen, aber <a href=\"https:\/\/www.db-thueringen.de\/receive\/dbt_mods_00061345\">online verf\u00fcgbar<\/a>)<\/strong><\/em><br> Dionysius Sibenburger:<br> Almanach und Practica f\u00fcr das Jahr 1541<br> Preis: 38,00 EUR<br> ISBN 978-3-941563-06-3<br> <a aria-label=\" (\u00f6ffnet in neuem Tab)\" href=\"https:\/\/gottfried-kirch-edition.de\/wp-content\/uploads\/2019\/03\/00-Band-3.3-Au\u00dfendeckel-und-Titelei.pdf\" target=\"_blank\" rel=\"noreferrer noopener\">Titelei und Vorwort<\/a><\/p>\n\n\n\n<p>Band 3.4 <em><strong>(vergriffen, aber <a href=\"https:\/\/www.db-thueringen.de\/receive\/dbt_mods_00061346\">online verf\u00fcgbar<\/a>)<\/strong><\/em><br> Georg Seyfridt:<br> Almanach f\u00fcr 1544 und 1545<br> Preis: 38,00 EUR<br> ISBN 978-3-941563-07-0<br> <a aria-label=\" (\u00f6ffnet in neuem Tab)\" href=\"https:\/\/gottfried-kirch-edition.de\/wp-content\/uploads\/2019\/03\/00-Band-3.4-Au\u00dfendeckel-und-Titelei.pdf\" target=\"_blank\" rel=\"noreferrer noopener\">Titelei und Vorwort<\/a><\/p>\n\n\n\n<p><\/p>\n","protected":false},"excerpt":{"rendered":"<p>Inhaltlich wertvolle Kalenderreihen des 17. Jahrhunderts werden jahrgangsweise im Faksimiledruck als Quellenedition der historischen Forschung zug\u00e4nglich gemacht. Dabei steht ein gez\u00e4hlter Band f\u00fcr eine Reihe mit entsprechenden Heften (Bd. 1) oder f\u00fcr einen Kalenderautor mit verschiedenen Reihen (Bd. 2) oder f\u00fcr Einzelst\u00fccke aus verschiedenen Reihen unterschiedlicher Kalenderautoren (Bd. 3), in denen in der Regel pro&#8230;<\/p>\n","protected":false},"author":2,"featured_media":0,"parent":0,"menu_order":0,"comment_status":"closed","ping_status":"closed","template":"","meta":{"footnotes":""},"class_list":["post-86","page","type-page","status-publish","hentry"],"_links":{"self":[{"href":"https:\/\/gottfried-kirch-edition.de\/index.php?rest_route=\/wp\/v2\/pages\/86","targetHints":{"allow":["GET"]}}],"collection":[{"href":"https:\/\/gottfried-kirch-edition.de\/index.php?rest_route=\/wp\/v2\/pages"}],"about":[{"href":"https:\/\/gottfried-kirch-edition.de\/index.php?rest_route=\/wp\/v2\/types\/page"}],"author":[{"embeddable":true,"href":"https:\/\/gottfried-kirch-edition.de\/index.php?rest_route=\/wp\/v2\/users\/2"}],"replies":[{"embeddable":true,"href":"https:\/\/gottfried-kirch-edition.de\/index.php?rest_route=%2Fwp%2Fv2%2Fcomments&post=86"}],"version-history":[{"count":21,"href":"https:\/\/gottfried-kirch-edition.de\/index.php?rest_route=\/wp\/v2\/pages\/86\/revisions"}],"predecessor-version":[{"id":552,"href":"https:\/\/gottfried-kirch-edition.de\/index.php?rest_route=\/wp\/v2\/pages\/86\/revisions\/552"}],"wp:attachment":[{"href":"https:\/\/gottfried-kirch-edition.de\/index.php?rest_route=%2Fwp%2Fv2%2Fmedia&parent=86"}],"curies":[{"name":"wp","href":"https:\/\/api.w.org\/{rel}","templated":true}]}}