{"id":82,"date":"2019-03-06T16:48:59","date_gmt":"2019-03-06T16:48:59","guid":{"rendered":"http:\/\/wp.gottfried-kirch-edition.de\/?page_id=82"},"modified":"2019-12-27T16:36:11","modified_gmt":"2019-12-27T16:36:11","slug":"kalender","status":"publish","type":"page","link":"https:\/\/gottfried-kirch-edition.de\/?page_id=82","title":{"rendered":"Kalender"},"content":{"rendered":"\n<h3 class=\"wp-block-heading\">Kalender-Edition<\/h3>\n\n\n\n<p class=\"has-text-align-right\"><em>Zuletzt ge\u00e4ndert am 19.3.2014<\/em><\/p>\n\n\n\n<p>Die Kalender von Gottfried Kirch werden innerhalb der\u00a0seit Mitte\u00a02008 erscheinenden Schriftenreihe ACTA CALENDARIOGRAPHICA ediert.\u00a0Mit  dieser neuen, zweiteiligen Schriftenreihe soll das vertiefte Studium  der Schreibkalender des 17. Jahrhunderts bef\u00f6rdert werden.<br> <br> In dem ersten Teil \u201cActa Calendariographica \u2013 Kalenderreihen\u201d werden im  Faksimiledruck einzelne Jahrgangsexemplare (ein Jahrgang in einem Heft)  ausgew\u00e4hlter Kalenderreihen neu herausgegeben. Sie sollen dem Historiker  als Quellenmaterial dienen. Eine solche Quellenedition ist schon  deshalb sinnvoll, weil von einem Jahrgang eines Kalenders in der Regel  lediglich ein Exemplar und die verschiedenen Jahrg\u00e4nge einer Reihe nur  ganz selten vollst\u00e4ndig in einer Institution \u00fcberliefert sind. Der  erneute Druck inhaltlich bedeutsamer Schreibkalender verschafft dann  einen leichteren Zugang zu dieser Quellengattung.<\/p>\n\n\n\n<p>Mit dem anderen Teil \u201cActa \nCalendariographica \u2013 Forschungsberichte\u201d werden Arbeiten zu speziellen \nThemen geliefert. Allen Historikern, die sich mit dem Kalenderwesen \nbesch\u00e4ftigen, steht diese Reihe f\u00fcr die Publikation ihrer \nForschungsergebnisse offen. Einen Zuschu\u00df zu den Druckkosten mu\u00df ein \nAutor nicht geben.<\/p>\n\n\n\n<p>Die Forschung des Herausgebers&nbsp;zum \nKalenderwesen des 17. Jahrhunderts wurde vom Oktober 2006 bis zum M\u00e4rz \n2011 und wird erneut vom April 2014 bis M\u00e4rz 2017 von der&nbsp;<em>Deutschen Forschungsgemeinschaft&nbsp;<\/em>gef\u00f6rdert.\n Im Rahmen des Projektes \u201cDie wissenschaftliche Professionalisierung des\n Kalenderwesens im 17. Jahrhundert im Kontext der Fr\u00fchaufkl\u00e4rung\u201d&nbsp;konnte\n durch systematisches&nbsp;Suchen erstmals umfassend Kenntnis zur \n\u00dcberlieferung der im damaligen \u201cTeutschland\u201d hergestellten \nSchreibkalender der&nbsp;Gr\u00f6\u00dfe ca. 16 cm x 20 cm f\u00fcr die Jahre von 1600 bis \n1700 erlangt werden. Von den bis&nbsp;Ende September&nbsp;2008 registrierten rund \n6300 gro\u00dfen Schreibkalendern wurden&nbsp;fast alle durch den Herausgeber auch\n in Augenschein genommen. Die bedeutendsten St\u00fccke werden in der \nSchriftenreihe ver\u00f6ffentlicht. Seit April 2014 wird ein \nbiobibliographisches Handbuch der Kalendermacher von 1550 bis 1750 \nerarbeitet.<\/p>\n","protected":false},"excerpt":{"rendered":"<p>Kalender-Edition Zuletzt ge\u00e4ndert am 19.3.2014 Die Kalender von Gottfried Kirch werden innerhalb der\u00a0seit Mitte\u00a02008 erscheinenden Schriftenreihe ACTA CALENDARIOGRAPHICA ediert.\u00a0Mit dieser neuen, zweiteiligen Schriftenreihe soll das vertiefte Studium der Schreibkalender des 17. Jahrhunderts bef\u00f6rdert werden. In dem ersten Teil \u201cActa Calendariographica \u2013 Kalenderreihen\u201d werden im Faksimiledruck einzelne Jahrgangsexemplare (ein Jahrgang in einem Heft) ausgew\u00e4hlter Kalenderreihen neu&#8230;<\/p>\n","protected":false},"author":2,"featured_media":0,"parent":0,"menu_order":0,"comment_status":"closed","ping_status":"closed","template":"","meta":{"footnotes":""},"class_list":["post-82","page","type-page","status-publish","hentry"],"_links":{"self":[{"href":"https:\/\/gottfried-kirch-edition.de\/index.php?rest_route=\/wp\/v2\/pages\/82","targetHints":{"allow":["GET"]}}],"collection":[{"href":"https:\/\/gottfried-kirch-edition.de\/index.php?rest_route=\/wp\/v2\/pages"}],"about":[{"href":"https:\/\/gottfried-kirch-edition.de\/index.php?rest_route=\/wp\/v2\/types\/page"}],"author":[{"embeddable":true,"href":"https:\/\/gottfried-kirch-edition.de\/index.php?rest_route=\/wp\/v2\/users\/2"}],"replies":[{"embeddable":true,"href":"https:\/\/gottfried-kirch-edition.de\/index.php?rest_route=%2Fwp%2Fv2%2Fcomments&post=82"}],"version-history":[{"count":5,"href":"https:\/\/gottfried-kirch-edition.de\/index.php?rest_route=\/wp\/v2\/pages\/82\/revisions"}],"predecessor-version":[{"id":271,"href":"https:\/\/gottfried-kirch-edition.de\/index.php?rest_route=\/wp\/v2\/pages\/82\/revisions\/271"}],"wp:attachment":[{"href":"https:\/\/gottfried-kirch-edition.de\/index.php?rest_route=%2Fwp%2Fv2%2Fmedia&parent=82"}],"curies":[{"name":"wp","href":"https:\/\/api.w.org\/{rel}","templated":true}]}}